{"id":8894,"date":"2022-01-21T14:43:25","date_gmt":"2022-01-21T14:43:25","guid":{"rendered":"https:\/\/constantinianorder.charity\/home-2021\/"},"modified":"2024-10-16T16:53:33","modified_gmt":"2024-10-16T16:53:33","slug":"home-2021","status":"publish","type":"page","link":"https:\/\/constantinianorder.charity\/fr\/","title":{"rendered":"Home 2021"},"content":{"rendered":"<p>[vc_row disable_element=\u00a0\u00bbyes\u00a0\u00bb][vc_column][vc_empty_space][\/vc_column][\/vc_row][vc_row css=\u00a0\u00bb.vc_custom_1643631432266{margin-top: 0px !important;padding-bottom: 0px !important;}\u00a0\u00bb el_class=\u00a0\u00bbintroduzione-home\u00a0\u00bb][vc_column width=\u00a0\u00bb2\/3&Prime; css=\u00a0\u00bb.vc_custom_1646324888726{margin-top: 20px !important;background-color: #f7f7f7 !important;}\u00a0\u00bb offset=\u00a0\u00bbvc_hidden-xs\u00a0\u00bb][vc_column_text css=\u00a0\u00bb.vc_custom_1654101775387{padding-top: 20px !important;padding-right: 10px !important;padding-bottom: 0px !important;padding-left: 10px !important;}\u00a0\u00bb]Le conflit en Ukraine, qui a \u00e9clat\u00e9 brutalement et \u00e9volu\u00e9 de mani\u00e8re inattendue, provoque l&rsquo;exode de milliers de r\u00e9fugi\u00e9s et une urgence humanitaire dramatique de grande ampleur. Tout cela se passe dans un contexte d\u00e9j\u00e0 compliqu\u00e9 \u00e0 cause de deux ann\u00e9es de pand\u00e9mie qui, de fait, ont exacerb\u00e9 des formes de mis\u00e8re sociale et de marginalisation, amplifiant la difficult\u00e9 \u00e9conomique et l&rsquo;\u00e9tat de besoin dans lequel vit un nombre croissant de personnes, des familles enti\u00e8res et groupes sociaux.<\/p>\n<p>L&rsquo;Ordre Sacr\u00e9 Militaire et Constantinien de Saint-Georges, \u00e0 travers le travail de l&rsquo;Ordre Constantinien Charity Onlus, est pr\u00eat \u00e0 donner des r\u00e9ponses concr\u00e8tes, \u00e0 travers l&rsquo;action des Chevaliers et des Dames Constantiniens, ainsi que ceux qui veulent aider \u00e0 am\u00e9liorer la condition des personnes les plus fragiles et d\u00e9favoris\u00e9es.[\/vc_column_text][\/vc_column][vc_column width=\u00a0\u00bb1\/3&Prime; offset=\u00a0\u00bbvc_hidden-xs\u00a0\u00bb][vc_single_image image=\u00a0\u00bb8902&Prime; img_size=\u00a0\u00bblarge\u00a0\u00bb add_caption=\u00a0\u00bbyes\u00a0\u00bb alignment=\u00a0\u00bbcenter\u00a0\u00bb][\/vc_column][\/vc_row][vc_row css=\u00a0\u00bb.vc_custom_1643631432266{margin-top: 0px !important;padding-bottom: 0px !important;}\u00a0\u00bb el_class=\u00a0\u00bbintroduzione-home\u00a0\u00bb][vc_column width=\u00a0\u00bb1\/2&Prime; css=\u00a0\u00bb.vc_custom_1646324817168{margin-top: 20px !important;background-color: #f7f7f7 !important;}\u00a0\u00bb offset=\u00a0\u00bbvc_hidden-lg vc_hidden-md vc_hidden-sm\u00a0\u00bb][vc_single_image image=\u00a0\u00bb8902&Prime; img_size=\u00a0\u00bblarge\u00a0\u00bb add_caption=\u00a0\u00bbyes\u00a0\u00bb alignment=\u00a0\u00bbcenter\u00a0\u00bb][\/vc_column][vc_column width=\u00a0\u00bb1\/2&Prime; offset=\u00a0\u00bbvc_hidden-lg vc_hidden-md vc_hidden-sm\u00a0\u00bb][vc_column_text css=\u00a0\u00bb.vc_custom_1654102551046{padding-top: 20px !important;padding-right: 10px !important;padding-bottom: 0px !important;padding-left: 10px !important;}\u00a0\u00bb]Le conflit en Ukraine, qui a \u00e9clat\u00e9 brutalement et \u00e9volu\u00e9 de mani\u00e8re inattendue, provoque l&rsquo;exode de milliers de r\u00e9fugi\u00e9s et une urgence humanitaire dramatique de grande ampleur. Tout cela se passe dans un contexte d\u00e9j\u00e0 compliqu\u00e9 \u00e0 cause de deux ann\u00e9es de pand\u00e9mie qui, de fait, ont exacerb\u00e9 des formes de mis\u00e8re sociale et de marginalisation, amplifiant la difficult\u00e9 \u00e9conomique et l&rsquo;\u00e9tat de besoin dans lequel vit un nombre croissant de personnes, des familles enti\u00e8res et groupes sociaux.<\/p>\n<p>L&rsquo;Ordre Sacr\u00e9 Militaire et Constantinien de Saint-Georges, \u00e0 travers le travail de l&rsquo;Ordre Constantinien Charity Onlus, est pr\u00eat \u00e0 donner des r\u00e9ponses concr\u00e8tes, \u00e0 travers l&rsquo;action des Chevaliers et des Dames Constantiniens, ainsi que ceux qui veulent aider \u00e0 am\u00e9liorer la condition des personnes les plus fragiles et d\u00e9favoris\u00e9es.[\/vc_column_text][\/vc_column][\/vc_row][vc_row][vc_column][gva_block_heading title=\u00a0\u00bbUne aide concr\u00e8te!\u00a0\u00bb style=\u00a0\u00bbstyle-2&Prime; class=\u00a0\u00bb\u00ab\u00a0btn-theme\u00ab\u00a0\u00a0\u00bb subtitle=\u00a0\u00bbEn premi\u00e8re ligne avec les Dames et les Chevaliers Constantiniens\u00a0\u00bb][\/gva_block_heading][vc_row_inner][vc_column_inner width=\u00a0\u00bb1\/3&Prime;][vc_single_image image=\u00a0\u00bb9348&Prime; img_size=\u00a0\u00bb\u00a0\u00bb css=\u00a0\u00bb.vc_custom_1667927336455{padding-top: 1px !important;padding-right: 1px !important;padding-bottom: 1px !important;padding-left: 1px !important;}\u00a0\u00bb][\/vc_column_inner][vc_column_inner width=\u00a0\u00bb1\/3&Prime;][vc_single_image image=\u00a0\u00bb9399&Prime; img_size=\u00a0\u00bb\u00a0\u00bb css=\u00a0\u00bb.vc_custom_1667927351672{padding-top: 1px !important;padding-right: 1px !important;padding-bottom: 1px !important;padding-left: 1px !important;}\u00a0\u00bb][\/vc_column_inner][vc_column_inner width=\u00a0\u00bb1\/3&Prime;][vc_single_image image=\u00a0\u00bb9403&Prime; img_size=\u00a0\u00bbfull\u00a0\u00bb css=\u00a0\u00bb.vc_custom_1667927368344{padding-top: 1px !important;padding-right: 1px !important;padding-bottom: 1px !important;padding-left: 1px !important;}\u00a0\u00bb][\/vc_column_inner][\/vc_row_inner][vc_row_inner css=\u00a0\u00bb.vc_custom_1668014925274{margin-top: 30px !important;}\u00a0\u00bb][vc_column_inner width=\u00a0\u00bb1\/3&Prime;][vc_single_image image=\u00a0\u00bb9242&Prime; img_size=\u00a0\u00bb\u00a0\u00bb css=\u00a0\u00bb.vc_custom_1668014956479{padding-top: 1px !important;padding-right: 1px !important;padding-bottom: 1px !important;padding-left: 1px !important;}\u00a0\u00bb][\/vc_column_inner][vc_column_inner width=\u00a0\u00bb1\/3&Prime;][vc_single_image image=\u00a0\u00bb9233&Prime; img_size=\u00a0\u00bb\u00a0\u00bb css=\u00a0\u00bb.vc_custom_1668014976846{padding-top: 1px !important;padding-right: 1px !important;padding-bottom: 1px !important;padding-left: 1px !important;}\u00a0\u00bb][\/vc_column_inner][vc_column_inner width=\u00a0\u00bb1\/3&Prime;][vc_single_image image=\u00a0\u00bb9448&Prime; img_size=\u00a0\u00bbfull\u00a0\u00bb css=\u00a0\u00bb.vc_custom_1668015000763{padding-top: 1px !important;padding-right: 1px !important;padding-bottom: 1px !important;padding-left: 1px !important;}\u00a0\u00bb][\/vc_column_inner][\/vc_row_inner][\/vc_column][\/vc_row][vc_row css=\u00a0\u00bb.vc_custom_1646299373226{margin-top: -100px !important;}\u00a0\u00bb][vc_column][vc_empty_space][\/vc_column][\/vc_row][vc_row full_width=\u00a0\u00bbstretch_row\u00a0\u00bb content_placement=\u00a0\u00bbmiddle\u00a0\u00bb css_animation=\u00a0\u00bbfadeIn\u00a0\u00bb disable_element=\u00a0\u00bbyes\u00a0\u00bb fullwidth=\u00a0\u00bb0&Prime; custom_background=\u00a0\u00bbbg-theme\u00a0\u00bb][vc_column][vc_column_text]<\/p>\n<h1 style=\"text-align: center;\">CRISI UMANITARIA IN UCRAINA<\/h1>\n<p>[\/vc_column_text][vc_empty_space height=\u00a0\u00bb20px\u00a0\u00bb][vc_single_image image=\u00a0\u00bb8351&Prime; alignment=\u00a0\u00bbcenter\u00a0\u00bb style=\u00a0\u00bbvc_box_shadow_circle\u00a0\u00bb onclick=\u00a0\u00bbcustom_link\u00a0\u00bb link=\u00a0\u00bb#donaora\u00a0\u00bb][\/vc_column][\/vc_row][vc_row content_placement=\u00a0\u00bbtop\u00a0\u00bb css_animation=\u00a0\u00bbfadeIn\u00a0\u00bb custom_background=\u00a0\u00bbbg-theme\u00a0\u00bb el_id=\u00a0\u00bbform-ucraina-id\u00a0\u00bb css=\u00a0\u00bb.vc_custom_1646251242099{margin-top: -80px !important;}\u00a0\u00bb][vc_column width=\u00a0\u00bb1\/2&Prime; offset=\u00a0\u00bbvc_hidden-xs\u00a0\u00bb][vc_empty_space height=\u00a0\u00bb16px\u00a0\u00bb][vc_single_image image=\u00a0\u00bb8898&Prime; img_size=\u00a0\u00bb\u00a0\u00bb add_caption=\u00a0\u00bbyes\u00a0\u00bb][\/vc_column][vc_column width=\u00a0\u00bb1\/2&Prime; offset=\u00a0\u00bbvc_hidden-xs\u00a0\u00bb][vc_column_text]<\/p>\n<h3 class=\"give-form-title\">Donation pour la population ukrainienne<\/h3>\n<p>[\/vc_column_text][vc_column_text]<span style=\"color: #000;\">\u00c0 la lumi\u00e8re de la crise humanitaire en Ukraine, S.A.R. le Prince Charles de Bourbon des Deux Siciles, Duc de Castro, Chef de la Maison Royale et Grand Ma\u00eetre des Ordres Dynastiques, a d\u00e9cid\u00e9 de lancer une collecte de fonds pour la population ukrainienne, en tenant compte des indications du Minist\u00e8re des Affaires Etrang\u00e8res italien et dans le respect des priorit\u00e9s indiqu\u00e9es par les autorit\u00e9s ukrainiennes.<\/span>[\/vc_column_text][vc_column_text css=\u00a0\u00bb.vc_custom_1729097609595{padding-top: 1px !important;padding-right: 5px !important;padding-bottom: 10px !important;padding-left: 5px !important;background-color: #ffffff !important;}\u00a0\u00bb]<\/p>\n<h1 style=\"text-align: center;\"><span style=\"color: #003366;\">Collect\u00e9s:\u00a0 82.158,00 \u20ac<\/span><\/h1>\n<p>[\/vc_column_text][\/vc_column][\/vc_row][vc_row content_placement=\u00a0\u00bbtop\u00a0\u00bb css_animation=\u00a0\u00bbfadeIn\u00a0\u00bb custom_background=\u00a0\u00bbbg-theme\u00a0\u00bb css=\u00a0\u00bb.vc_custom_1646251242099{margin-top: -80px !important;}\u00a0\u00bb][vc_column width=\u00a0\u00bb1\/2&Prime; offset=\u00a0\u00bbvc_hidden-lg vc_hidden-md vc_hidden-sm\u00a0\u00bb][vc_column_text]<\/p>\n<h2 style=\"text-align: center;\">CRISE HUMANITAIRE EN UKRAINE<\/h2>\n<p>[\/vc_column_text][vc_single_image image=\u00a0\u00bb8810&Prime; img_size=\u00a0\u00bb\u00a0\u00bb add_caption=\u00a0\u00bbyes\u00a0\u00bb][vc_empty_space height=\u00a0\u00bb20px\u00a0\u00bb][vc_column_text]\u00c0 la lumi\u00e8re de la crise humanitaire en Ukraine, S.A.R. le Prince Charles de Bourbon des Deux Siciles, Duc de Castro, Chef de la Maison Royale et Grand Ma\u00eetre des Ordres Dynastiques, a d\u00e9cid\u00e9 de lancer une collecte de fonds pour la population ukrainienne, en tenant compte des indications du Minist\u00e8re des Affaires Etrang\u00e8res italien et dans le respect des priorit\u00e9s indiqu\u00e9es par les autorit\u00e9s ukrainiennes.[\/vc_column_text][vc_column_text css=\u00a0\u00bb.vc_custom_1647000097274{padding-top: 1px !important;padding-right: 5px !important;padding-bottom: 10px !important;padding-left: 5px !important;background-color: #ffffff !important;}\u00a0\u00bb]<\/p>\n<h1 style=\"text-align: center;\"><span style=\"color: #003366;\">[give_totals ids=\u00a0\u00bb8670,8683,8907,8956&Prime; message= \u00ab\u00a0Collect\u00e9s:\u00a0 {total}\u00a0\u00bb progress_bar=\u00a0\u00bbfalse\u00a0\u00bb]<\/span><\/h1>\n<p>[\/vc_column_text][\/vc_column][vc_column width=\u00a0\u00bb1\/2&Prime; offset=\u00a0\u00bbvc_hidden-lg vc_hidden-md vc_hidden-sm\u00a0\u00bb][\/vc_column][\/vc_row][vc_row el_class=\u00a0\u00bbblocco-progetti-2021&Prime;][vc_column css=\u00a0\u00bb.vc_custom_1637946315925{padding-top: 0px !important;padding-bottom: 0px !important;}\u00a0\u00bb][gva_block_heading title=\u00a0\u00bbProjets et initiatives\u00a0\u00bb style=\u00a0\u00bbstyle-4&Prime; class=\u00a0\u00bb\u00ab\u00a0btn-theme\u00ab\u00a0\u00a0\u00bb subtitle=\u00a0\u00bbUn engagement constant dans le temps\u00a0\u00bb][\/gva_block_heading][vc_row_inner content_placement=\u00a0\u00bbmiddle\u00a0\u00bb][vc_column_inner width=\u00a0\u00bb1\/3&Prime;][vc_single_image image=\u00a0\u00bb8821&Prime; img_size=\u00a0\u00bbfull\u00a0\u00bb onclick=\u00a0\u00bbcustom_link\u00a0\u00bb css=\u00a0\u00bb.vc_custom_1646662368283{border-top-width: 1px !important;border-right-width: 1px !important;border-bottom-width: 1px !important;border-left-width: 1px !important;border-left-color: #dddddd !important;border-left-style: solid !important;border-right-color: #dddddd !important;border-right-style: solid !important;border-top-color: #dddddd !important;border-top-style: solid !important;border-bottom-color: #dddddd !important;border-bottom-style: solid !important;}\u00a0\u00bb link=\u00a0\u00bbhttps:\/\/constantinianorder.charity\/fr\/activite-de-collecte-de-fonds-pour-la-population-ukrainienne-2022\/\u00a0\u00bb][vc_column_text]<\/p>\n<h4 style=\"text-align: center;\"><strong>\u00ab\u00a0<a href=\"\/fr\/activite-de-collecte-de-fonds-pour-la-population-ukrainienne-2022\/\">CRISE HUMANITAIRE EN UKRAINE<\/a>\u00ab\u00a0<\/strong><\/h4>\n<p style=\"text-align: center;\">(mars &#8211; juin 2022)<\/p>\n<p>[\/vc_column_text][\/vc_column_inner][vc_column_inner width=\u00a0\u00bb1\/3&Prime;][vc_single_image image=\u00a0\u00bb8429&Prime; img_size=\u00a0\u00bbfull\u00a0\u00bb onclick=\u00a0\u00bbcustom_link\u00a0\u00bb css=\u00a0\u00bb.vc_custom_1646662384354{border-top-width: 1px !important;border-right-width: 1px !important;border-bottom-width: 1px !important;border-left-width: 1px !important;border-left-color: #dddddd !important;border-left-style: solid !important;border-right-color: #dddddd !important;border-right-style: solid !important;border-top-color: #dddddd !important;border-top-style: solid !important;border-bottom-color: #dddddd !important;border-bottom-style: solid !important;}\u00a0\u00bb][vc_column_text]<\/p>\n<h4 style=\"text-align: center;\"><strong>\u00ab\u00a0F\u00caTE DES M\u00c8RES\u00a0\u00bb<\/strong><\/h4>\n<p style=\"text-align: center;\">(mai 2021)<\/p>\n<p>[\/vc_column_text][\/vc_column_inner][vc_column_inner width=\u00a0\u00bb1\/3&Prime;][vc_single_image image=\u00a0\u00bb8425&Prime; img_size=\u00a0\u00bbfull\u00a0\u00bb onclick=\u00a0\u00bbcustom_link\u00a0\u00bb css=\u00a0\u00bb.vc_custom_1646662423894{border-top-width: 1px !important;border-right-width: 1px !important;border-bottom-width: 1px !important;border-left-width: 1px !important;border-left-color: #dddddd !important;border-left-style: solid !important;border-right-color: #dddddd !important;border-right-style: solid !important;border-top-color: #dddddd !important;border-top-style: solid !important;border-bottom-color: #dddddd !important;border-bottom-style: solid !important;}\u00a0\u00bb link=\u00a0\u00bbhttps:\/\/constantinianorder.charity\/fr\/activite-collecte-de-fonds-urgence-covid-19-2020\/\u00a0\u00bb][vc_column_text]<\/p>\n<h4 style=\"text-align: center;\"><strong>\u00ab\u00a0<a href=\"https:\/\/constantinianorder.charity\/fr\/activite-collecte-de-fonds-urgence-covid-19-2020\/\">EMERGENCE COVID<\/a>\u00ab\u00a0<\/strong><\/h4>\n<p style=\"text-align: center;\">(avril &#8211; juin 2020)<\/p>\n<p>[\/vc_column_text][\/vc_column_inner][\/vc_row_inner][\/vc_column][\/vc_row][vc_row css=\u00a0\u00bb.vc_custom_1646299373226{margin-top: -100px !important;}\u00a0\u00bb][vc_column][vc_empty_space][\/vc_column][\/vc_row][vc_row row_space=\u00a0\u00bbremove_padding_top\u00a0\u00bb][vc_column][gva_block_heading title=\u00a0\u00bbRevue de presse\u00a0\u00bb icon=\u00a0\u00bbgv-icon-619&Prime; style=\u00a0\u00bbstyle-4&Prime; subtitle=\u00a0\u00bbOrdre Constantinien Charity Onlus\u00a0\u00bb][\/gva_block_heading][gva_blogs_carousel items_lg=\u00a0\u00bb3&Prime; items_md=\u00a0\u00bb3&Prime; items_sm=\u00a0\u00bb2&Prime; items_xs=\u00a0\u00bb2&Prime; ca_pagination=\u00a0\u00bb0&Prime; show_excerpt=\u00a0\u00bbtrue\u00a0\u00bb loop=\u00a0\u00bbsize:50|order_by:date|post_type:post|categories:100,207&Prime;][\/vc_column][\/vc_row]<\/p>\n","protected":false},"excerpt":{"rendered":"<p>[vc_row disable_element=\u00a0\u00bbyes\u00a0\u00bb][vc_column][vc_empty_space][\/vc_column][\/vc_row][vc_row css=\u00a0\u00bb.vc_custom_1643631432266{margin-top: 0px !important;padding-bottom: 0px !important;}\u00a0\u00bb el_class=\u00a0\u00bbintroduzione-home\u00a0\u00bb][vc_column width=\u00a0\u00bb2\/3&Prime; css=\u00a0\u00bb.vc_custom_1646324888726{margin-top: 20px !important;background-color: #f7f7f7 !important;}\u00a0\u00bb offset=\u00a0\u00bbvc_hidden-xs\u00a0\u00bb][vc_column_text css=\u00a0\u00bb.vc_custom_1654101775387{padding-top: 20px !important;padding-right: 10px !important;padding-bottom: 0px !important;padding-left: 10px !important;}\u00a0\u00bb]Le conflit en Ukraine, qui a \u00e9clat\u00e9 brutalement et \u00e9volu\u00e9 de mani\u00e8re inattendue, provoque l&rsquo;exode de milliers de r\u00e9fugi\u00e9s et une urgence humanitaire dramatique de grande ampleur. Tout cela se passe dans un contexte d\u00e9j\u00e0 compliqu\u00e9 \u00e0 cause de deux ann\u00e9es de pand\u00e9mie qui, de fait, ont exacerb\u00e9 des formes de mis\u00e8re sociale et de marginalisation, amplifiant la difficult\u00e9 \u00e9conomique et l&rsquo;\u00e9tat de besoin dans lequel vit un nombre croissant de personnes, des familles enti\u00e8res et groupes sociaux. L&rsquo;Ordre Sacr\u00e9 Militaire et Constantinien de Saint-Georges, \u00e0 travers le travail de l&rsquo;Ordre Constantinien Charity Onlus, est pr\u00eat \u00e0 donner des r\u00e9ponses concr\u00e8tes, \u00e0 travers l&rsquo;action des Chevaliers et des Dames Constantiniens, ainsi que ceux qui veulent aider \u00e0 am\u00e9liorer la condition des personnes les plus fragiles et d\u00e9favoris\u00e9es.[\/vc_column_text][\/vc_column][vc_column width=\u00a0\u00bb1\/3&Prime; offset=\u00a0\u00bbvc_hidden-xs\u00a0\u00bb][vc_single_image image=\u00a0\u00bb8902&Prime; img_size=\u00a0\u00bblarge\u00a0\u00bb add_caption=\u00a0\u00bbyes\u00a0\u00bb alignment=\u00a0\u00bbcenter\u00a0\u00bb][\/vc_column][\/vc_row][vc_row css=\u00a0\u00bb.vc_custom_1643631432266{margin-top: 0px !important;padding-bottom: 0px !important;}\u00a0\u00bb el_class=\u00a0\u00bbintroduzione-home\u00a0\u00bb][vc_column width=\u00a0\u00bb1\/2&Prime; css=\u00a0\u00bb.vc_custom_1646324817168{margin-top: 20px !important;background-color: #f7f7f7 !important;}\u00a0\u00bb offset=\u00a0\u00bbvc_hidden-lg vc_hidden-md vc_hidden-sm\u00a0\u00bb][vc_single_image image=\u00a0\u00bb8902&Prime; img_size=\u00a0\u00bblarge\u00a0\u00bb add_caption=\u00a0\u00bbyes\u00a0\u00bb alignment=\u00a0\u00bbcenter\u00a0\u00bb][\/vc_column][vc_column width=\u00a0\u00bb1\/2&Prime; offset=\u00a0\u00bbvc_hidden-lg vc_hidden-md vc_hidden-sm\u00a0\u00bb][vc_column_text css=\u00a0\u00bb.vc_custom_1654102551046{padding-top: 20px !important;padding-right: 10px !important;padding-bottom: 0px !important;padding-left: 10px !important;}\u00a0\u00bb]Le conflit en Ukraine, qui a \u00e9clat\u00e9 brutalement et \u00e9volu\u00e9 de mani\u00e8re inattendue, provoque l&rsquo;exode de milliers de r\u00e9fugi\u00e9s et une urgence humanitaire dramatique de grande ampleur. Tout cela se passe dans un contexte d\u00e9j\u00e0 compliqu\u00e9 \u00e0 cause de deux ann\u00e9es de pand\u00e9mie qui, de fait, ont exacerb\u00e9 des formes de mis\u00e8re sociale et de marginalisation, amplifiant la difficult\u00e9 \u00e9conomique et l&rsquo;\u00e9tat de [&hellip;]<\/p>\n","protected":false},"author":1,"featured_media":0,"parent":0,"menu_order":0,"comment_status":"closed","ping_status":"closed","template":"","meta":{"footnotes":""},"class_list":["post-8894","page","type-page","status-publish","hentry"],"_links":{"self":[{"href":"https:\/\/constantinianorder.charity\/fr\/wp-json\/wp\/v2\/pages\/8894"}],"collection":[{"href":"https:\/\/constantinianorder.charity\/fr\/wp-json\/wp\/v2\/pages"}],"about":[{"href":"https:\/\/constantinianorder.charity\/fr\/wp-json\/wp\/v2\/types\/page"}],"author":[{"embeddable":true,"href":"https:\/\/constantinianorder.charity\/fr\/wp-json\/wp\/v2\/users\/1"}],"replies":[{"embeddable":true,"href":"https:\/\/constantinianorder.charity\/fr\/wp-json\/wp\/v2\/comments?post=8894"}],"version-history":[{"count":20,"href":"https:\/\/constantinianorder.charity\/fr\/wp-json\/wp\/v2\/pages\/8894\/revisions"}],"predecessor-version":[{"id":9987,"href":"https:\/\/constantinianorder.charity\/fr\/wp-json\/wp\/v2\/pages\/8894\/revisions\/9987"}],"wp:attachment":[{"href":"https:\/\/constantinianorder.charity\/fr\/wp-json\/wp\/v2\/media?parent=8894"}],"curies":[{"name":"wp","href":"https:\/\/api.w.org\/{rel}","templated":true}]}}