{"id":8943,"date":"2022-01-21T14:43:25","date_gmt":"2022-01-21T14:43:25","guid":{"rendered":"https:\/\/constantinianorder.charity\/home-2021\/"},"modified":"2024-10-16T16:54:27","modified_gmt":"2024-10-16T16:54:27","slug":"home-2021","status":"publish","type":"page","link":"https:\/\/constantinianorder.charity\/es\/","title":{"rendered":"Home 2021"},"content":{"rendered":"<p>[vc_row disable_element=\u00bbyes\u00bb][vc_column][vc_empty_space][\/vc_column][\/vc_row][vc_row css=\u00bb.vc_custom_1643631432266{margin-top: 0px !important;padding-bottom: 0px !important;}\u00bb el_class=\u00bbintroduzione-home\u00bb][vc_column width=\u00bb2\/3&#8243; css=\u00bb.vc_custom_1646324888726{margin-top: 20px !important;background-color: #f7f7f7 !important;}\u00bb offset=\u00bbvc_hidden-xs\u00bb][vc_column_text css=\u00bb.vc_custom_1654102121711{padding-top: 20px !important;padding-right: 10px !important;padding-bottom: 0px !important;padding-left: 10px !important;}\u00bb]El conflicto en Ucrania, que estall\u00f3 de forma repentina y evolucion\u00f3 de manera inesperada, est\u00e1 provocando el \u00e9xodo de miles de refugiados y una emergencia humanitaria dram\u00e1tica de gran envergadura. Todo esto est\u00e1 pasando en un contexto ya complicado debido a dos a\u00f1os de pandemia que, de hecho, han exacerbado formas de miseria social y marginaci\u00f3n, ampliando la dificultad econ\u00f3mica y el estado de necesidad en el que viven un n\u00famero cada vez mayor de personas, familias enteras y grupos sociales.<\/p>\n<p>La Sagrada Orden Militar Constantiniana de San Jorge, a trav\u00e9s de la obra de la <em>Orden Constantiniana Charity Onlus<\/em>, est\u00e1 lista para dar respuestas concretas, a trav\u00e9s de la acci\u00f3n de los Caballeros y Damas Constantinianos, as\u00ed como de aquellos que quieran ayudar a mejorar la condici\u00f3n de las personas m\u00e1s fr\u00e1giles y desfavorecidas.[\/vc_column_text][\/vc_column][vc_column width=\u00bb1\/3&#8243; offset=\u00bbvc_hidden-xs\u00bb][vc_single_image image=\u00bb8951&#8243; img_size=\u00bblarge\u00bb add_caption=\u00bbyes\u00bb alignment=\u00bbcenter\u00bb][\/vc_column][\/vc_row][vc_row css=\u00bb.vc_custom_1643631432266{margin-top: 0px !important;padding-bottom: 0px !important;}\u00bb el_class=\u00bbintroduzione-home\u00bb][vc_column width=\u00bb1\/2&#8243; css=\u00bb.vc_custom_1646324817168{margin-top: 20px !important;background-color: #f7f7f7 !important;}\u00bb offset=\u00bbvc_hidden-lg vc_hidden-md vc_hidden-sm\u00bb][vc_single_image image=\u00bb8951&#8243; img_size=\u00bblarge\u00bb add_caption=\u00bbyes\u00bb alignment=\u00bbcenter\u00bb][\/vc_column][vc_column width=\u00bb1\/2&#8243; offset=\u00bbvc_hidden-lg vc_hidden-md vc_hidden-sm\u00bb][vc_column_text css=\u00bb.vc_custom_1654102469223{padding-top: 20px !important;padding-right: 10px !important;padding-bottom: 0px !important;padding-left: 10px !important;}\u00bb]El conflicto en Ucrania, que estall\u00f3 de forma repentina y evolucion\u00f3 de manera inesperada, est\u00e1 provocando el \u00e9xodo de miles de refugiados y una emergencia humanitaria dram\u00e1tica de gran envergadura. Todo esto est\u00e1 pasando en un contexto ya complicado debido a dos a\u00f1os de pandemia que, de hecho, han exacerbado formas de miseria social y marginaci\u00f3n, ampliando la dificultad econ\u00f3mica y el estado de necesidad en el que viven un n\u00famero cada vez mayor de personas, familias enteras y grupos sociales.<\/p>\n<p>La Sagrada Orden Militar Constantiniana de San Jorge, a trav\u00e9s de la obra de la <em>Orden Constantiniana Charity Onlus<\/em>, est\u00e1 lista para dar respuestas concretas, a trav\u00e9s de la acci\u00f3n de los Caballeros y Damas Constantinianos, as\u00ed como de aquellos que quieran ayudar a mejorar la condici\u00f3n de las personas m\u00e1s fr\u00e1giles y desfavorecidas.[\/vc_column_text][\/vc_column][\/vc_row][vc_row][vc_column][gva_block_heading title=\u00bb\u00a1Una ayuda concreta!\u00bb style=\u00bbstyle-2&#8243; class=\u00bb\u00abbtn-theme\u00ab\u00bb subtitle=\u00bbEn primera l\u00ednea con las Damas y los Caballeros Constantinianos\u00bb][\/gva_block_heading][vc_row_inner][vc_column_inner width=\u00bb1\/3&#8243;][vc_single_image image=\u00bb9346&#8243; img_size=\u00bb\u00bb css=\u00bb.vc_custom_1667927479152{padding-top: 1px !important;padding-right: 1px !important;padding-bottom: 1px !important;padding-left: 1px !important;}\u00bb][\/vc_column_inner][vc_column_inner width=\u00bb1\/3&#8243;][vc_single_image image=\u00bb9400&#8243; img_size=\u00bbfull\u00bb css=\u00bb.vc_custom_1667927501180{padding-top: 1px !important;padding-right: 1px !important;padding-bottom: 1px !important;padding-left: 1px !important;}\u00bb][\/vc_column_inner][vc_column_inner width=\u00bb1\/3&#8243;][vc_single_image image=\u00bb9404&#8243; img_size=\u00bb\u00bb css=\u00bb.vc_custom_1667927775376{padding-top: 1px !important;padding-right: 1px !important;padding-bottom: 1px !important;padding-left: 1px !important;}\u00bb][\/vc_column_inner][\/vc_row_inner][vc_row_inner css=\u00bb.vc_custom_1667562380410{margin-top: 30px !important;}\u00bb][vc_column_inner width=\u00bb1\/3&#8243;][vc_single_image image=\u00bb9240&#8243; img_size=\u00bb\u00bb css=\u00bb.vc_custom_1668015183998{padding-top: 1px !important;padding-right: 1px !important;padding-bottom: 1px !important;padding-left: 1px !important;}\u00bb][\/vc_column_inner][vc_column_inner width=\u00bb1\/3&#8243;][vc_single_image image=\u00bb9231&#8243; img_size=\u00bbfull\u00bb css=\u00bb.vc_custom_1668015203003{padding-top: 1px !important;padding-right: 1px !important;padding-bottom: 1px !important;padding-left: 1px !important;}\u00bb][\/vc_column_inner][vc_column_inner width=\u00bb1\/3&#8243;][vc_single_image image=\u00bb9449&#8243; img_size=\u00bb\u00bb css=\u00bb.vc_custom_1668015218063{padding-top: 1px !important;padding-right: 1px !important;padding-bottom: 1px !important;padding-left: 1px !important;}\u00bb][\/vc_column_inner][\/vc_row_inner][\/vc_column][\/vc_row][vc_row css=\u00bb.vc_custom_1646299373226{margin-top: -100px !important;}\u00bb][vc_column][vc_empty_space][\/vc_column][\/vc_row][vc_row full_width=\u00bbstretch_row\u00bb content_placement=\u00bbmiddle\u00bb css_animation=\u00bbfadeIn\u00bb disable_element=\u00bbyes\u00bb fullwidth=\u00bb0&#8243; custom_background=\u00bbbg-theme\u00bb][vc_column][vc_column_text]<\/p>\n<h1 style=\"text-align: center;\">CRISI UMANITARIA IN UCRAINA<\/h1>\n<p>[\/vc_column_text][vc_empty_space height=\u00bb20px\u00bb][vc_single_image image=\u00bb8352&#8243; alignment=\u00bbcenter\u00bb style=\u00bbvc_box_shadow_circle\u00bb onclick=\u00bbcustom_link\u00bb link=\u00bb#donaora\u00bb][\/vc_column][\/vc_row][vc_row content_placement=\u00bbtop\u00bb css_animation=\u00bbfadeIn\u00bb custom_background=\u00bbbg-theme\u00bb el_id=\u00bbform-ucraina-id\u00bb css=\u00bb.vc_custom_1646251242099{margin-top: -80px !important;}\u00bb][vc_column width=\u00bb1\/2&#8243; offset=\u00bbvc_hidden-xs\u00bb][vc_empty_space height=\u00bb16px\u00bb][vc_single_image image=\u00bb8947&#8243; img_size=\u00bb\u00bb add_caption=\u00bbyes\u00bb][\/vc_column][vc_column width=\u00bb1\/2&#8243; offset=\u00bbvc_hidden-xs\u00bb][vc_column_text]<\/p>\n<h3 class=\"give-form-title\">Donaci\u00f3n para la poblaci\u00f3n ucraniana<\/h3>\n<p>[\/vc_column_text][vc_column_text]<span style=\"color: #000000;\">A la luz de la crisis humanitaria en Ucrania, S.A.R. el Pr\u00edncipe Carlo de Borb\u00f3n de las Dos Sicilias, Duque de Castro, Jefe de la Casa Real y Gran Maestro de las \u00d3rdenes Din\u00e1sticas, decidi\u00f3 lanzar una recaudaci\u00f3n de fondos para la poblaci\u00f3n ucraniana, teniendo en cuenta las indicaciones del Ministerio de Asuntos Exteriores italiano y en cumplimiento de las prioridades indicadas por las autoridades ucranianas.<\/span>[\/vc_column_text][vc_column_text css=\u00bb.vc_custom_1729097662302{padding-top: 1px !important;padding-right: 5px !important;padding-bottom: 10px !important;padding-left: 5px !important;background-color: #ffffff !important;}\u00bb]<\/p>\n<h1 style=\"text-align: center;\"><span style=\"color: #003366;\">Recaudados: 82.158,00 \u20ac<\/span><\/h1>\n<p>[\/vc_column_text][\/vc_column][\/vc_row][vc_row content_placement=\u00bbtop\u00bb css_animation=\u00bbfadeIn\u00bb custom_background=\u00bbbg-theme\u00bb css=\u00bb.vc_custom_1646251242099{margin-top: -80px !important;}\u00bb][vc_column width=\u00bb1\/2&#8243; offset=\u00bbvc_hidden-lg vc_hidden-md vc_hidden-sm\u00bb][vc_column_text]<\/p>\n<h2 style=\"text-align: center;\">CRISIS HUMANITARIA EN UCRANIA<\/h2>\n<p>[\/vc_column_text][vc_single_image image=\u00bb8811&#8243; img_size=\u00bb\u00bb add_caption=\u00bbyes\u00bb][vc_empty_space height=\u00bb20px\u00bb][vc_column_text]A la luz de la crisis humanitaria en Ucrania, S.A.R. el Pr\u00edncipe Carlo de Borb\u00f3n de las Dos Sicilias, Duque de Castro, Jefe de la Casa Real y Gran Maestro de las \u00d3rdenes Din\u00e1sticas, decidi\u00f3 lanzar una recaudaci\u00f3n de fondos para la poblaci\u00f3n ucraniana, teniendo en cuenta las indicaciones del Ministerio de Asuntos Exteriores italiano y en cumplimiento de las prioridades indicadas por las autoridades ucranianas.as de mayor necesidad.[\/vc_column_text][vc_column_text css=\u00bb.vc_custom_1647000569985{padding-top: 1px !important;padding-right: 5px !important;padding-bottom: 10px !important;padding-left: 5px !important;background-color: #ffffff !important;}\u00bb]<\/p>\n<h1 style=\"text-align: center;\"><span style=\"color: #003366;\">[give_totals ids=\u00bb8670,8683,8907,8956&#8243; message= \u00abRecaudados:\u00a0 {total}\u00bb progress_bar=\u00bbfalse\u00bb]<\/span><\/h1>\n<p>[\/vc_column_text][\/vc_column][vc_column width=\u00bb1\/2&#8243; offset=\u00bbvc_hidden-lg vc_hidden-md vc_hidden-sm\u00bb][\/vc_column][\/vc_row][vc_row el_class=\u00bbblocco-progetti-2021&#8243;][vc_column css=\u00bb.vc_custom_1637946315925{padding-top: 0px !important;padding-bottom: 0px !important;}\u00bb][gva_block_heading title=\u00bbProyectos e iniciativas\u00bb style=\u00bbstyle-4&#8243; class=\u00bb\u00abbtn-theme\u00ab\u00bb subtitle=\u00bbUn compromiso constante en el tiempo\u00bb][\/gva_block_heading][vc_row_inner content_placement=\u00bbmiddle\u00bb][vc_column_inner width=\u00bb1\/3&#8243;][vc_single_image image=\u00bb8822&#8243; img_size=\u00bbfull\u00bb onclick=\u00bbcustom_link\u00bb css=\u00bb.vc_custom_1646675961623{border-top-width: 1px !important;border-right-width: 1px !important;border-bottom-width: 1px !important;border-left-width: 1px !important;border-left-color: #dddddd !important;border-left-style: solid !important;border-right-color: #dddddd !important;border-right-style: solid !important;border-top-color: #dddddd !important;border-top-style: solid !important;border-bottom-color: #dddddd !important;border-bottom-style: solid !important;}\u00bb link=\u00bbhttps:\/\/constantinianorder.charity\/es\/actividades-de-crowdfunding-para-la-poblacion-ucraniana-2022\/\u00bb][vc_column_text]<\/p>\n<h4 style=\"text-align: center;\"><strong>\u00ab<a href=\"https:\/\/constantinianorder.charity\/es\/actividades-de-crowdfunding-para-la-poblacion-ucraniana-2022\/\">CRISIS HUMANITARIA EN UCRANIA<\/a>\u00ab<\/strong><\/h4>\n<p style=\"text-align: center;\">(Marzo &#8211; Junio 2022)<\/p>\n<p>[\/vc_column_text][\/vc_column_inner][vc_column_inner width=\u00bb1\/3&#8243;][vc_single_image image=\u00bb8430&#8243; img_size=\u00bbfull\u00bb onclick=\u00bbcustom_link\u00bb css=\u00bb.vc_custom_1645523998100{border-top-width: 1px !important;border-right-width: 1px !important;border-bottom-width: 1px !important;border-left-width: 1px !important;border-left-color: #dddddd !important;border-left-style: solid !important;border-right-color: #dddddd !important;border-right-style: solid !important;border-top-color: #dddddd !important;border-top-style: solid !important;border-bottom-color: #dddddd !important;border-bottom-style: solid !important;}\u00bb link=\u00bbhttps:\/\/constantinianorder.charity\/attivita-crowdfunding-festa-della-mamma-2021\/\u00bb][vc_column_text]<\/p>\n<h4 style=\"text-align: center;\"><strong>\u00ab<\/strong><strong>D\u00cdA DE LAS MADRES<\/strong><strong>\u00ab<\/strong><\/h4>\n<p style=\"text-align: center;\">(Mayo de 2021)<\/p>\n<p>[\/vc_column_text][\/vc_column_inner][vc_column_inner width=\u00bb1\/3&#8243;][vc_single_image image=\u00bb8426&#8243; img_size=\u00bbfull\u00bb onclick=\u00bbcustom_link\u00bb css=\u00bb.vc_custom_1646676002188{border-top-width: 1px !important;border-right-width: 1px !important;border-bottom-width: 1px !important;border-left-width: 1px !important;border-left-color: #dddddd !important;border-left-style: solid !important;border-right-color: #dddddd !important;border-right-style: solid !important;border-top-color: #dddddd !important;border-top-style: solid !important;border-bottom-color: #dddddd !important;border-bottom-style: solid !important;}\u00bb link=\u00bbhttps:\/\/constantinianorder.charity\/es\/actividad-de-crowdfunding-emergencia-covid-2020\/\u00bb][vc_column_text]<\/p>\n<h4 style=\"text-align: center;\"><strong>\u00ab<a href=\"https:\/\/constantinianorder.charity\/es\/actividad-de-crowdfunding-emergencia-covid-2020\/\">EMERGENCIA COVID<\/a>\u00ab<\/strong><\/h4>\n<p style=\"text-align: center;\">(Abril- Junio de 2020)<\/p>\n<p>[\/vc_column_text][\/vc_column_inner][\/vc_row_inner][\/vc_column][\/vc_row][vc_row css=\u00bb.vc_custom_1646299373226{margin-top: -100px !important;}\u00bb][vc_column][vc_empty_space][\/vc_column][\/vc_row][vc_row row_space=\u00bbremove_padding_top\u00bb][vc_column][gva_block_heading title=\u00bbRevista de Prensa\u00bb icon=\u00bbgv-icon-619&#8243; style=\u00bbstyle-4&#8243; subtitle=\u00bbOrden Constantiniana Charity Onlus\u00bb][\/gva_block_heading][gva_blogs_carousel items_lg=\u00bb3&#8243; items_md=\u00bb3&#8243; items_sm=\u00bb2&#8243; items_xs=\u00bb2&#8243; ca_pagination=\u00bb0&#8243; show_excerpt=\u00bbtrue\u00bb loop=\u00bbsize:50|order_by:date|post_type:post|categories:100,207&#8243;][\/vc_column][\/vc_row]<\/p>\n","protected":false},"excerpt":{"rendered":"<p>[vc_row disable_element=\u00bbyes\u00bb][vc_column][vc_empty_space][\/vc_column][\/vc_row][vc_row css=\u00bb.vc_custom_1643631432266{margin-top: 0px !important;padding-bottom: 0px !important;}\u00bb el_class=\u00bbintroduzione-home\u00bb][vc_column width=\u00bb2\/3&#8243; css=\u00bb.vc_custom_1646324888726{margin-top: 20px !important;background-color: #f7f7f7 !important;}\u00bb offset=\u00bbvc_hidden-xs\u00bb][vc_column_text css=\u00bb.vc_custom_1654102121711{padding-top: 20px !important;padding-right: 10px !important;padding-bottom: 0px !important;padding-left: 10px !important;}\u00bb]El conflicto en Ucrania, que estall\u00f3 de forma repentina y evolucion\u00f3 de manera inesperada, est\u00e1 provocando el \u00e9xodo de miles de refugiados y una emergencia humanitaria dram\u00e1tica de gran envergadura. Todo esto est\u00e1 pasando en un contexto ya complicado debido a dos a\u00f1os de pandemia que, de hecho, han exacerbado formas de miseria social y marginaci\u00f3n, ampliando la dificultad econ\u00f3mica y el estado de necesidad en el que viven un n\u00famero cada vez mayor de personas, familias enteras y grupos sociales. La Sagrada Orden Militar Constantiniana de San Jorge, a trav\u00e9s de la obra de la Orden Constantiniana Charity Onlus, est\u00e1 lista para dar respuestas concretas, a trav\u00e9s de la acci\u00f3n de los Caballeros y Damas Constantinianos, as\u00ed como de aquellos que quieran ayudar a mejorar la condici\u00f3n de las personas m\u00e1s fr\u00e1giles y desfavorecidas.[\/vc_column_text][\/vc_column][vc_column width=\u00bb1\/3&#8243; offset=\u00bbvc_hidden-xs\u00bb][vc_single_image image=\u00bb8951&#8243; img_size=\u00bblarge\u00bb add_caption=\u00bbyes\u00bb alignment=\u00bbcenter\u00bb][\/vc_column][\/vc_row][vc_row css=\u00bb.vc_custom_1643631432266{margin-top: 0px !important;padding-bottom: 0px !important;}\u00bb el_class=\u00bbintroduzione-home\u00bb][vc_column width=\u00bb1\/2&#8243; css=\u00bb.vc_custom_1646324817168{margin-top: 20px !important;background-color: #f7f7f7 !important;}\u00bb offset=\u00bbvc_hidden-lg vc_hidden-md vc_hidden-sm\u00bb][vc_single_image image=\u00bb8951&#8243; img_size=\u00bblarge\u00bb add_caption=\u00bbyes\u00bb alignment=\u00bbcenter\u00bb][\/vc_column][vc_column width=\u00bb1\/2&#8243; offset=\u00bbvc_hidden-lg vc_hidden-md vc_hidden-sm\u00bb][vc_column_text css=\u00bb.vc_custom_1654102469223{padding-top: 20px !important;padding-right: 10px !important;padding-bottom: 0px !important;padding-left: 10px !important;}\u00bb]El conflicto en Ucrania, que estall\u00f3 de forma repentina y evolucion\u00f3 de manera inesperada, est\u00e1 provocando el \u00e9xodo de miles de refugiados y una emergencia humanitaria dram\u00e1tica de gran envergadura. Todo esto est\u00e1 pasando en un contexto ya complicado debido a dos a\u00f1os de pandemia que, de hecho, han exacerbado formas de miseria social y [&hellip;]<\/p>\n","protected":false},"author":1,"featured_media":0,"parent":0,"menu_order":0,"comment_status":"closed","ping_status":"closed","template":"","meta":{"footnotes":""},"class_list":["post-8943","page","type-page","status-publish","hentry"],"_links":{"self":[{"href":"https:\/\/constantinianorder.charity\/es\/wp-json\/wp\/v2\/pages\/8943"}],"collection":[{"href":"https:\/\/constantinianorder.charity\/es\/wp-json\/wp\/v2\/pages"}],"about":[{"href":"https:\/\/constantinianorder.charity\/es\/wp-json\/wp\/v2\/types\/page"}],"author":[{"embeddable":true,"href":"https:\/\/constantinianorder.charity\/es\/wp-json\/wp\/v2\/users\/1"}],"replies":[{"embeddable":true,"href":"https:\/\/constantinianorder.charity\/es\/wp-json\/wp\/v2\/comments?post=8943"}],"version-history":[{"count":23,"href":"https:\/\/constantinianorder.charity\/es\/wp-json\/wp\/v2\/pages\/8943\/revisions"}],"predecessor-version":[{"id":9988,"href":"https:\/\/constantinianorder.charity\/es\/wp-json\/wp\/v2\/pages\/8943\/revisions\/9988"}],"wp:attachment":[{"href":"https:\/\/constantinianorder.charity\/es\/wp-json\/wp\/v2\/media?parent=8943"}],"curies":[{"name":"wp","href":"https:\/\/api.w.org\/{rel}","templated":true}]}}